{"id":12,"date":"2019-04-13T18:41:46","date_gmt":"2019-04-13T16:41:46","guid":{"rendered":"http:\/\/www.centrezenamiens.org\/wordpress\/?page_id=12"},"modified":"2026-03-18T16:00:12","modified_gmt":"2026-03-18T15:00:12","slug":"bienvenue-sur-le-site-web-du-centre-zen-damiens","status":"publish","type":"page","link":"https:\/\/www.centrezenamiens.org\/wordpress\/","title":{"rendered":""},"content":{"rendered":"\n<h2 class=\"wp-block-heading\">Bienvenue dans les nouveaux locaux du centre Zen d&rsquo;Amiens<\/h2>\n\n\n\n<blockquote class=\"wp-block-quote is-layout-flow wp-block-quote-is-layout-flow\">\n<p>Ils se situent d\u00e9sormais : Salle Paul Boudier, situ\u00e9e au 58 rue Len\u00f4tre, dans les locaux du b\u00e2timent de la soci\u00e9t\u00e9 d&rsquo;Horticulture de Picardie<\/p>\n\n\n\n<p><\/p>\n\n\n\n<p>Les horaires sont :<\/p>\n\n\n\n<ul class=\"wp-block-list\">\n<li>le mardi 18h15-19h30 ; nous pouvons vous accueillir \u00e0 partir 17h45.<\/li>\n<\/ul>\n\n\n\n<ul class=\"wp-block-list\">\n<li>le jeudi 19h-20h30 ; nous pouvons vous accueillir \u00e0 partir 18h30.<\/li>\n<\/ul>\n\n\n\n<p>Pour \u00eatre accueillis dans les meilleures conditions, les d\u00e9butants sont pri\u00e9s de  confirmer leur venue par le biais du formulaire de contact (onglet contactez-nous) et de se pr\u00e9senter 1\/2 h avant.<\/p>\n\n\n\n<p>Au plaisir de vous voir venir pratiquer zazen avec nous,<\/p>\n\n\n\n<p><\/p>\n\n\n\n<p>Le Centre Zen Amiens<\/p>\n\n\n\n<figure class=\"wp-block-gallery has-nested-images columns-default is-cropped wp-block-gallery-1 is-layout-flex wp-block-gallery-is-layout-flex\">\n<figure class=\"wp-block-image size-large\"><img loading=\"lazy\" decoding=\"async\" width=\"1024\" height=\"894\" data-id=\"314\" src=\"http:\/\/www.centrezenamiens.org\/wordpress\/wp-content\/uploads\/2024\/01\/phot1-1-1024x894.jpg\" alt=\"\" class=\"wp-image-314\" srcset=\"https:\/\/www.centrezenamiens.org\/wordpress\/wp-content\/uploads\/2024\/01\/phot1-1-1024x894.jpg 1024w, https:\/\/www.centrezenamiens.org\/wordpress\/wp-content\/uploads\/2024\/01\/phot1-1-300x262.jpg 300w, https:\/\/www.centrezenamiens.org\/wordpress\/wp-content\/uploads\/2024\/01\/phot1-1-768x670.jpg 768w, https:\/\/www.centrezenamiens.org\/wordpress\/wp-content\/uploads\/2024\/01\/phot1-1-1536x1341.jpg 1536w, https:\/\/www.centrezenamiens.org\/wordpress\/wp-content\/uploads\/2024\/01\/phot1-1.jpg 1890w\" sizes=\"auto, (max-width: 1024px) 100vw, 1024px\" \/><\/figure>\n\n\n\n<figure class=\"wp-block-image size-large\"><img loading=\"lazy\" decoding=\"async\" width=\"914\" height=\"1024\" data-id=\"315\" src=\"http:\/\/www.centrezenamiens.org\/wordpress\/wp-content\/uploads\/2024\/01\/phot2-1-914x1024.jpg\" alt=\"\" class=\"wp-image-315\" srcset=\"https:\/\/www.centrezenamiens.org\/wordpress\/wp-content\/uploads\/2024\/01\/phot2-1-914x1024.jpg 914w, https:\/\/www.centrezenamiens.org\/wordpress\/wp-content\/uploads\/2024\/01\/phot2-1-268x300.jpg 268w, https:\/\/www.centrezenamiens.org\/wordpress\/wp-content\/uploads\/2024\/01\/phot2-1-768x860.jpg 768w, https:\/\/www.centrezenamiens.org\/wordpress\/wp-content\/uploads\/2024\/01\/phot2-1-1371x1536.jpg 1371w, https:\/\/www.centrezenamiens.org\/wordpress\/wp-content\/uploads\/2024\/01\/phot2-1.jpg 1512w\" sizes=\"auto, (max-width: 914px) 100vw, 914px\" \/><\/figure>\n\n\n\n<figure class=\"wp-block-image size-large\"><img loading=\"lazy\" decoding=\"async\" width=\"768\" height=\"1024\" data-id=\"316\" src=\"http:\/\/www.centrezenamiens.org\/wordpress\/wp-content\/uploads\/2024\/01\/phot3-768x1024.jpg\" alt=\"\" class=\"wp-image-316\" srcset=\"https:\/\/www.centrezenamiens.org\/wordpress\/wp-content\/uploads\/2024\/01\/phot3-768x1024.jpg 768w, https:\/\/www.centrezenamiens.org\/wordpress\/wp-content\/uploads\/2024\/01\/phot3-225x300.jpg 225w, https:\/\/www.centrezenamiens.org\/wordpress\/wp-content\/uploads\/2024\/01\/phot3-1152x1536.jpg 1152w, https:\/\/www.centrezenamiens.org\/wordpress\/wp-content\/uploads\/2024\/01\/phot3.jpg 1512w\" sizes=\"auto, (max-width: 768px) 100vw, 768px\" \/><\/figure>\n\n\n\n<figure class=\"wp-block-image size-large\"><img loading=\"lazy\" decoding=\"async\" width=\"1024\" height=\"894\" data-id=\"313\" src=\"http:\/\/www.centrezenamiens.org\/wordpress\/wp-content\/uploads\/2024\/01\/phot4-1024x894.jpg\" alt=\"\" class=\"wp-image-313\" srcset=\"https:\/\/www.centrezenamiens.org\/wordpress\/wp-content\/uploads\/2024\/01\/phot4-1024x894.jpg 1024w, https:\/\/www.centrezenamiens.org\/wordpress\/wp-content\/uploads\/2024\/01\/phot4-300x262.jpg 300w, https:\/\/www.centrezenamiens.org\/wordpress\/wp-content\/uploads\/2024\/01\/phot4-768x670.jpg 768w, https:\/\/www.centrezenamiens.org\/wordpress\/wp-content\/uploads\/2024\/01\/phot4-1536x1341.jpg 1536w, https:\/\/www.centrezenamiens.org\/wordpress\/wp-content\/uploads\/2024\/01\/phot4.jpg 1890w\" sizes=\"auto, (max-width: 1024px) 100vw, 1024px\" \/><\/figure>\n<\/figure>\n<\/blockquote>\n\n\n\n<p><\/p>\n\n\n\n<p><\/p>\n\n\n\n<p><\/p>\n\n\n\n<div class=\"wp-block-buttons is-layout-flex wp-block-buttons-is-layout-flex\"><\/div>\n\n\n\n<div class=\"wp-block-buttons is-layout-flex wp-block-buttons-is-layout-flex\">\n<div class=\"wp-block-button is-style-outline is-style-outline--2\"><a class=\"wp-block-button__link wp-element-button\" href=\"https:\/\/www.facebook.com\/profile.php?id=100014299360059\"><strong>Suivez-nous \u00e9galement sur Facebook<\/strong><\/a><\/div>\n<\/div>\n\n\n\n<p><\/p>\n\n\n\n<p><\/p>\n\n\n\n<h2 class=\"wp-block-heading\">Samedi 18 septembre 2020 de 14h \u00e0 16h: accueil des d\u00e9butants<\/h2>\n\n\n\n<p><\/p>\n\n\n\n<blockquote class=\"wp-block-quote is-layout-flow wp-block-quote-is-layout-flow\">\n<p>Diffusion de courtes vid\u00e9os, bref expos\u00e9 sur l&rsquo;histoire du zen, pr\u00e9sentation de la pratique \u2026 <\/p>\n<\/blockquote>\n\n\n\n<figure class=\"wp-block-gallery has-nested-images columns-default is-cropped wp-block-gallery-3 is-layout-flex wp-block-gallery-is-layout-flex\">\n<figure class=\"wp-block-image size-large\"><img loading=\"lazy\" decoding=\"async\" width=\"768\" height=\"1024\" data-id=\"287\" src=\"http:\/\/www.centrezenamiens.org\/wordpress\/wp-content\/uploads\/2021\/09\/IMG_0951-768x1024.jpg\" alt=\"\" class=\"wp-image-287\" srcset=\"https:\/\/www.centrezenamiens.org\/wordpress\/wp-content\/uploads\/2021\/09\/IMG_0951-768x1024.jpg 768w, https:\/\/www.centrezenamiens.org\/wordpress\/wp-content\/uploads\/2021\/09\/IMG_0951-225x300.jpg 225w, https:\/\/www.centrezenamiens.org\/wordpress\/wp-content\/uploads\/2021\/09\/IMG_0951-1152x1536.jpg 1152w, https:\/\/www.centrezenamiens.org\/wordpress\/wp-content\/uploads\/2021\/09\/IMG_0951-1536x2048.jpg 1536w, https:\/\/www.centrezenamiens.org\/wordpress\/wp-content\/uploads\/2021\/09\/IMG_0951-scaled.jpg 1920w\" sizes=\"auto, (max-width: 768px) 100vw, 768px\" \/><\/figure>\n\n\n\n<figure class=\"wp-block-image size-large\"><img loading=\"lazy\" decoding=\"async\" width=\"511\" height=\"768\" data-id=\"288\" src=\"http:\/\/www.centrezenamiens.org\/wordpress\/wp-content\/uploads\/2021\/09\/IMG_3972mod-rec-b.jpg\" alt=\"\" class=\"wp-image-288\" srcset=\"https:\/\/www.centrezenamiens.org\/wordpress\/wp-content\/uploads\/2021\/09\/IMG_3972mod-rec-b.jpg 511w, https:\/\/www.centrezenamiens.org\/wordpress\/wp-content\/uploads\/2021\/09\/IMG_3972mod-rec-b-200x300.jpg 200w\" sizes=\"auto, (max-width: 511px) 100vw, 511px\" \/><\/figure>\n<\/figure>\n\n\n\n<p><\/p>\n\n\n\n<h2 class=\"wp-block-heading\">Septembre 2020<\/h2>\n\n\n\n<p>Le centre au salon des associations AGORA pour la vingti\u00e8me ann\u00e9e cons\u00e9cutive<\/p>\n\n\n\n<figure class=\"wp-block-image\"><img loading=\"lazy\" decoding=\"async\" width=\"1024\" height=\"768\" src=\"http:\/\/www.centrezenamiens.org\/wordpress\/wp-content\/uploads\/2019\/09\/IMG_20190907_110426-1024x768.jpg\" alt=\"\" class=\"wp-image-152\" srcset=\"https:\/\/www.centrezenamiens.org\/wordpress\/wp-content\/uploads\/2019\/09\/IMG_20190907_110426.jpg 1024w, https:\/\/www.centrezenamiens.org\/wordpress\/wp-content\/uploads\/2019\/09\/IMG_20190907_110426-300x225.jpg 300w, https:\/\/www.centrezenamiens.org\/wordpress\/wp-content\/uploads\/2019\/09\/IMG_20190907_110426-768x576.jpg 768w\" sizes=\"auto, (max-width: 1024px) 100vw, 1024px\" \/><\/figure>\n\n\n\n<p><\/p>\n\n\n\n<h2 class=\"wp-block-heading\">Juin 2019<\/h2>\n\n\n\n<p>Venue d&rsquo;Emanuela Losi au dojo<\/p>\n\n\n\nngg_shortcode_0_placeholder\n\n\n\n<p><\/p>\n\n\n\n<h2 class=\"wp-block-heading\">Juin 2018<\/h2>\n\n\n\n<p>Venue d&rsquo;Emanuela Losi au dojo<\/p>\n\n\n\nngg_shortcode_1_placeholder\n\n\n\n<p>Enseignements oraux :<\/p>\n\n\n\n<figure class=\"wp-block-audio\"><audio controls src=\"http:\/\/www.centrezenamiens.org\/wordpress\/wp-content\/uploads\/2019\/04\/Voce_20180617_154513.mp3\"><\/audio><\/figure>\n\n\n\n<figure class=\"wp-block-audio\"><audio controls src=\"http:\/\/www.centrezenamiens.org\/wordpress\/wp-content\/uploads\/2019\/04\/Voce_20180617_150255.mp3\"><\/audio><\/figure>\n\n\n\n<figure class=\"wp-block-audio\"><audio controls src=\"http:\/\/www.centrezenamiens.org\/wordpress\/wp-content\/uploads\/2019\/04\/Voce_20180617_122013.mp3\"><\/audio><\/figure>\n\n\n\n<figure class=\"wp-block-audio\"><audio controls src=\"http:\/\/www.centrezenamiens.org\/wordpress\/wp-content\/uploads\/2019\/04\/Voce_20180617_101819.mp3\"><\/audio><\/figure>\n","protected":false},"excerpt":{"rendered":"<p>Bienvenue dans les nouveaux locaux du centre Zen d&rsquo;Amiens Samedi 18 septembre 2020 de 14h \u00e0 16h: accueil des d\u00e9butants Diffusion de courtes vid\u00e9os, bref expos\u00e9 sur l&rsquo;histoire du zen, pr\u00e9sentation de la pratique \u2026 Septembre 2020 Le centre au salon des associations AGORA pour la vingti\u00e8me ann\u00e9e cons\u00e9cutive Juin 2019 Venue d&rsquo;Emanuela Losi au [&hellip;]<\/p>\n","protected":false},"author":1,"featured_media":0,"parent":0,"menu_order":0,"comment_status":"closed","ping_status":"closed","template":"","meta":{"ngg_post_thumbnail":0,"footnotes":""},"class_list":["post-12","page","type-page","status-publish","hentry"],"_links":{"self":[{"href":"https:\/\/www.centrezenamiens.org\/wordpress\/wp-json\/wp\/v2\/pages\/12","targetHints":{"allow":["GET"]}}],"collection":[{"href":"https:\/\/www.centrezenamiens.org\/wordpress\/wp-json\/wp\/v2\/pages"}],"about":[{"href":"https:\/\/www.centrezenamiens.org\/wordpress\/wp-json\/wp\/v2\/types\/page"}],"author":[{"embeddable":true,"href":"https:\/\/www.centrezenamiens.org\/wordpress\/wp-json\/wp\/v2\/users\/1"}],"replies":[{"embeddable":true,"href":"https:\/\/www.centrezenamiens.org\/wordpress\/wp-json\/wp\/v2\/comments?post=12"}],"version-history":[{"count":39,"href":"https:\/\/www.centrezenamiens.org\/wordpress\/wp-json\/wp\/v2\/pages\/12\/revisions"}],"predecessor-version":[{"id":420,"href":"https:\/\/www.centrezenamiens.org\/wordpress\/wp-json\/wp\/v2\/pages\/12\/revisions\/420"}],"wp:attachment":[{"href":"https:\/\/www.centrezenamiens.org\/wordpress\/wp-json\/wp\/v2\/media?parent=12"}],"curies":[{"name":"wp","href":"https:\/\/api.w.org\/{rel}","templated":true}]}}