{"id":23,"date":"2019-04-13T18:49:27","date_gmt":"2019-04-13T16:49:27","guid":{"rendered":"http:\/\/www.centrezenamiens.org\/wordpress\/?page_id=23"},"modified":"2024-01-12T16:03:13","modified_gmt":"2024-01-12T15:03:13","slug":"a-propos","status":"publish","type":"page","link":"http:\/\/www.centrezenamiens.org\/wordpress\/a-propos\/","title":{"rendered":"\u00c0 propos"},"content":{"rendered":"\n<p>Le Zen \u00e0 Amiens existe depuis une quarantaine d\u2019ann\u00e9es. D\u00e9s l\u2019arriv\u00e9e  de ma\u00eetre Deshimaru en France un groupe de zazen s\u2019est cr\u00e9\u00e9 \u00e0 Amiens.  La pratique s\u2019y est maintenu avec plus ou moins de continuit\u00e9 jusqu\u2019en  1990. A cette date, la pratique trouva refuge rue Caumartin puis le  temple protestant St Jacques nous a ouvert ses locaux quelques temps.<br> De 1995 jusqu\u2019\u00e0 Juin 2011 nous \u00e9tions install\u00e9s au 111 bis rue Camille  Desmoulins \u00e0 Amiens, ensuite au 298 rue  Vulfran Warme lieu dit : \u00ab\u00a0Petit chemin de Saint Fuscien\u00a0\u00bb et d\u00e9sormais \u00a0la Salle Paul Boudier, situ\u00e9e au 58 rue Len\u00f4tre, dans les locaux du b\u00e2timent de la soci\u00e9t\u00e9 d&rsquo;Horticulture de Picardie<\/p>\n\n\n\n<p>Nous sommes une association reconnue par l\u2019Association Zen \nInternationale, fond\u00e9e par Ta\u00efsen Deshimaru qui regroupe deux mille cinq\n cents adh\u00e9rents europ\u00e9ens.<br>\nLes responsables de l\u2019association du dojo d\u2019Amiens sont reconnus par \nl\u2019A.Z.I-T.D comme pratiquants et enseignants le Zen tel qu\u2019il a \u00e9t\u00e9 \nenseign\u00e9 et transmis par son fondateur Ta\u00efsen Deshimaru Roshi. Une \nlettre d\u2019engagement pr\u00e9cisant les fonctions et obligations des \nresponsables de dojos est affich\u00e9e dans nos locaux.<\/p>\n\n\n\n<p>Nous sommes compl\u00e8tement ind\u00e9pendants financi\u00e8rement et devons \ncompter sur nos propres ressources. Aucun des membres du bureau ne \nre\u00e7oit un quelconque subside. Tous nos frais sont des frais de \nfonctionnement.<br>\n\u00catre d\u00e9clar\u00e9 en association nous permet d\u2019avoir un statut social l\u00e9gal \nclair qui facilite grandement nos d\u00e9marches administratives telles que \nla demande des salles de r\u00e9union \u00e0 la ville, poss\u00e9der un compte \nbancaire, signer un bail, participer aux \u00e9v\u00e9nements locaux comme Agora \netc\u2026<\/p>\n\n\n\n<p>La mission du dojo et de l\u2019association est de promouvoir \nl\u2019enseignement du zen, aussi nous avons comme contact notre site \ninternet :<br>\n<a href=\"http:\/\/www.centrezenamiens.org\" target=\"_blank\" rel=\"noreferrer noopener\">http:\/\/www.centrezenamiens.org<\/a><\/p>\n\n\n\n<p>Depuis que nous sommes dans nos locaux, la pratique s\u2019y est fortement\n et r\u00e9guli\u00e8rement install\u00e9e cr\u00e9ant une base solide pour une ouverture \nplus large vers l\u2019ext\u00e9rieur.<\/p>\n\n\n<p><!--EndFragment--><\/p>","protected":false},"excerpt":{"rendered":"<p>Le Zen \u00e0 Amiens existe depuis une quarantaine d\u2019ann\u00e9es. D\u00e9s l\u2019arriv\u00e9e de ma\u00eetre Deshimaru en France un groupe de zazen s\u2019est cr\u00e9\u00e9 \u00e0 Amiens. La pratique s\u2019y est maintenu avec plus ou moins de continuit\u00e9 jusqu\u2019en 1990. A cette date, la pratique trouva refuge rue Caumartin puis le temple protestant St Jacques nous a ouvert [&hellip;]<\/p>\n","protected":false},"author":1,"featured_media":0,"parent":0,"menu_order":0,"comment_status":"closed","ping_status":"closed","template":"","meta":{"ngg_post_thumbnail":0,"footnotes":""},"class_list":["post-23","page","type-page","status-publish","hentry"],"_links":{"self":[{"href":"http:\/\/www.centrezenamiens.org\/wordpress\/wp-json\/wp\/v2\/pages\/23","targetHints":{"allow":["GET"]}}],"collection":[{"href":"http:\/\/www.centrezenamiens.org\/wordpress\/wp-json\/wp\/v2\/pages"}],"about":[{"href":"http:\/\/www.centrezenamiens.org\/wordpress\/wp-json\/wp\/v2\/types\/page"}],"author":[{"embeddable":true,"href":"http:\/\/www.centrezenamiens.org\/wordpress\/wp-json\/wp\/v2\/users\/1"}],"replies":[{"embeddable":true,"href":"http:\/\/www.centrezenamiens.org\/wordpress\/wp-json\/wp\/v2\/comments?post=23"}],"version-history":[{"count":2,"href":"http:\/\/www.centrezenamiens.org\/wordpress\/wp-json\/wp\/v2\/pages\/23\/revisions"}],"predecessor-version":[{"id":308,"href":"http:\/\/www.centrezenamiens.org\/wordpress\/wp-json\/wp\/v2\/pages\/23\/revisions\/308"}],"wp:attachment":[{"href":"http:\/\/www.centrezenamiens.org\/wordpress\/wp-json\/wp\/v2\/media?parent=23"}],"curies":[{"name":"wp","href":"https:\/\/api.w.org\/{rel}","templated":true}]}}