{"id":19,"date":"2019-04-13T18:47:34","date_gmt":"2019-04-13T16:47:34","guid":{"rendered":"http:\/\/www.centrezenamiens.org\/wordpress\/?page_id=19"},"modified":"2026-03-25T10:38:30","modified_gmt":"2026-03-25T09:38:30","slug":"quand","status":"publish","type":"page","link":"http:\/\/www.centrezenamiens.org\/wordpress\/quand\/","title":{"rendered":"Quand ?"},"content":{"rendered":"\n<figure class=\"wp-block-image\"><img decoding=\"async\" src=\"http:\/\/centrezenamiens.org\/wordpress2\/wp-content\/uploads\/2019\/01\/bois.jpg\" alt=\"\" class=\"wp-image-29\"\/><\/figure>\n\n\n\n<p><br><\/p>\n\n\n\n<p>le mardi 18h15-19h30 ; nous pouvons vous accueillir \u00e0 partir 17h45.<\/p>\n\n\n\n<p>le jeudi 19h-20h30 ; nous pouvons vous accueillir \u00e0 partir 18h30.<\/p>\n\n\n\n<p><\/p>\n\n\n\n<p>\u2013 Les Zazen commencent \u00e0 l\u2019heure exacte, venez au minimum \u00e0 l\u2019heure o\u00f9 l\u2019on sonne le bois, 7 minutes avant le d\u00e9but du Zazen.<\/p>\n\n\n\n<p class=\"has-vivid-red-color has-text-color has-link-color wp-elements-68331926d49b495865a83ad4ec495c51\">\u2013 Si vous n\u2019avez jamais pratiquer Zazen, venez 1\/2 heure avant les \nhoraires indiqu\u00e9s ci dessus pour une introduction \u00e0 la posture. Le port \nde v\u00eatements souples est conseill\u00e9.<\/p>\n\n\n\n<p>\u2013 Le premier Zazen est gratuit, ensuite chaque participation au zazen\n co\u00fbte&nbsp;6 \u20ac ou 35 \u20ac au mois pour tous les Zazen. Cette cotisation couvre \nles frais de location et fonctionnement du dojo. Des tarifs adapt\u00e9s sont\n pr\u00e9vus pour les \u00e9tudiants et ch\u00f4meurs.<\/p>\n\n\n\n<p><strong>\u00ab&nbsp;Respectueusement sachez que<br>\nchacun de nous doit clarifier<br>\nLa grande affaire de la vie et la mort.<br>\nLe temps passe vite.<br>\nNe soyez pas n\u00e9gligent.&nbsp;\u00bb<\/strong><\/p>\n\n\n<p><!--EndFragment--><\/p>","protected":false},"excerpt":{"rendered":"<p>le mardi 18h15-19h30 ; nous pouvons vous accueillir \u00e0 partir 17h45. le jeudi 19h-20h30 ; nous pouvons vous accueillir \u00e0 partir 18h30. \u2013 Les Zazen commencent \u00e0 l\u2019heure exacte, venez au minimum \u00e0 l\u2019heure o\u00f9 l\u2019on sonne le bois, 7 minutes avant le d\u00e9but du Zazen. \u2013 Si vous n\u2019avez jamais pratiquer Zazen, venez 1\/2 [&hellip;]<\/p>\n","protected":false},"author":1,"featured_media":0,"parent":0,"menu_order":0,"comment_status":"closed","ping_status":"closed","template":"","meta":{"ngg_post_thumbnail":0,"footnotes":""},"class_list":["post-19","page","type-page","status-publish","hentry"],"_links":{"self":[{"href":"http:\/\/www.centrezenamiens.org\/wordpress\/wp-json\/wp\/v2\/pages\/19","targetHints":{"allow":["GET"]}}],"collection":[{"href":"http:\/\/www.centrezenamiens.org\/wordpress\/wp-json\/wp\/v2\/pages"}],"about":[{"href":"http:\/\/www.centrezenamiens.org\/wordpress\/wp-json\/wp\/v2\/types\/page"}],"author":[{"embeddable":true,"href":"http:\/\/www.centrezenamiens.org\/wordpress\/wp-json\/wp\/v2\/users\/1"}],"replies":[{"embeddable":true,"href":"http:\/\/www.centrezenamiens.org\/wordpress\/wp-json\/wp\/v2\/comments?post=19"}],"version-history":[{"count":5,"href":"http:\/\/www.centrezenamiens.org\/wordpress\/wp-json\/wp\/v2\/pages\/19\/revisions"}],"predecessor-version":[{"id":423,"href":"http:\/\/www.centrezenamiens.org\/wordpress\/wp-json\/wp\/v2\/pages\/19\/revisions\/423"}],"wp:attachment":[{"href":"http:\/\/www.centrezenamiens.org\/wordpress\/wp-json\/wp\/v2\/media?parent=19"}],"curies":[{"name":"wp","href":"https:\/\/api.w.org\/{rel}","templated":true}]}}