{"id":183,"date":"2019-09-07T16:00:03","date_gmt":"2019-09-07T14:00:03","guid":{"rendered":"http:\/\/www.centrezenamiens.org\/wordpress\/?page_id=183"},"modified":"2019-09-07T17:21:03","modified_gmt":"2019-09-07T15:21:03","slug":"pourquoi-mediter","status":"publish","type":"page","link":"http:\/\/www.centrezenamiens.org\/wordpress\/pourquoi-mediter\/","title":{"rendered":"Pourquoi m\u00e9diter ?"},"content":{"rendered":"\n<p>Le bouddhisme zen a \u00e9t\u00e9 d\u00e9couvert en Occident au d\u00e9but du XXe<br>\nsi\u00e8cle, \u00e0 travers des arts comme l\u2019a\u00efkido, la c\u00e9r\u00e9monie du th\u00e9, l\u2019arrangement<br>\nfloral ou les jardins japonais. La profondeur de sa philosophie<br>\net la puret\u00e9 de son esth\u00e9tique ont alors suscit\u00e9 un engouement notable<br>\ndans les milieux artistiques et intellectuels\u2026 sans toutefois d\u00e9boucher<br>\nsur une pratique directe dont zazen, la m\u00e9ditation zen, est la source.<br>\nAujourd\u2019hui, face aux d\u00e9fis que rencontre notre soci\u00e9t\u00e9 occidentale,<br>\nla pratique de zazen, semble devenir plus qu\u2019importante : n\u00e9cessaire.<br>\nC\u2019est gr\u00e2ce \u00e0 la m\u00e9ditation en effet que le Bouddha, il y a 2 600 ans, obtint<br>\nla v\u00e9ritable libert\u00e9. C\u2019est par zazen que nous pouvons, aujourd\u2019hui<br>\nencore, faire l\u2019exp\u00e9rience d\u2019une vie pleine de sens, inscrite dans le moment<br>\npr\u00e9sent, et ouverte aux changements naturels de l\u2019existence.<br>\nAvec une pratique r\u00e9guli\u00e8re, l\u2019\u00eatre humain retrouve une stabilit\u00e9 int\u00e9rieure<br>\n\u2013 une solidit\u00e9 \u2013 lui permettant d\u2019aborder avec confiance les diff\u00e9rentes<br>\n\u00e9tapes de sa vie. Zazen offre cette opportunit\u00e9 rare de faire l\u2019exp\u00e9rience<br>\nde l\u2019immobilit\u00e9 et du silence. Rester assis quand tout s\u2019agite,<br>\napprendre \u00e0 se poser quand le monde bouge \u00e0 cent \u00e0 l\u2019heure, apprendre<br>\n\u00e0 \u00ab d\u00e9connecter \u00bb sont quelques-uns des bienfaits de la m\u00e9ditation zen.<\/p>\n\n\n\n<h2 class=\"wp-block-heading\">La force du groupe<\/h2>\n\n\n\n<p>La spiritualit\u00e9 zen met l\u2019accent sur la pratique collective, ensemble.<br> C\u2019est ensemble que nous \u00e9voluons, apprivoisons nos peurs, nos doutes<br> ou nos envies. L\u2019autre devient alors le miroir pr\u00e9cieux de notre avanc\u00e9e<br> sur la Voie du Bouddha.<br> De plus, la pratique collective de zazen dans les dojos ou groupes a<br> un effet extr\u00eamement motivant et encourageant. Comme le soulignait<br> le ma\u00eetre bouddhiste Taisen Deshimaru (1914-1982) : \u00ab C\u2019est la<br> diff\u00e9rence entre un feu compos\u00e9 d\u2019une ou de plusieurs b\u00fbches\u2026 \u00bb Le<br> second r\u00e9chauffera beaucoup plus longtemps\u2026<br> Enfin, dans une soci\u00e9t\u00e9 tendant \u00e0 l\u2019individualisme, retrouver le sens du<br> collectif est sans doute l\u2019une des plus belles solutions pour un avenir meilleur.<\/p>\n\n\n\n<h2 class=\"wp-block-heading\">Le samu<\/h2>\n\n\n\n<p>Pour s\u2019int\u00e9grer dans un lieu de pratique et commencer ainsi \u00e0 approfondir<br>\nla voie du zen, il est conseill\u00e9 apr\u00e8s quelque temps de proposer<br>\nson aide pour le samu : le travail b\u00e9n\u00e9vole fait dans un esprit de don et<br>\nde concentration. En participant de pr\u00e8s aux activit\u00e9s de l\u2019association<br>\n(nettoyage, cuisine, communication externe, gestion d\u2019un site internet,<br>\ntravaux graphiques\u2026), le nouveau pratiquant apprend \u00e0 conna\u00eetre<br>\nles membres et recueille des informations pr\u00e9cieuses sur la pratique<br>\ndu zen.<br>\nLe samu de par son aspect concret est l\u2019une des grandes richesses de<br>\nla pratique du zen. On pourrait \u00e9galement l\u2019appeler \u00ab m\u00e9ditation en<br>\naction \u00bb. Le samu permet en effet de pratiquer la concentration du<br>\nzazen dans les activit\u00e9s quotidiennes et d\u2019apprendre ainsi par exemple<br>\n\u00e0 travailler dans le calme.<\/p>\n","protected":false},"excerpt":{"rendered":"<p>Le bouddhisme zen a \u00e9t\u00e9 d\u00e9couvert en Occident au d\u00e9but du XXe si\u00e8cle, \u00e0 travers des arts comme l\u2019a\u00efkido, la c\u00e9r\u00e9monie du th\u00e9, l\u2019arrangement floral ou les jardins japonais. La profondeur de sa philosophie et la puret\u00e9 de son esth\u00e9tique ont alors suscit\u00e9 un engouement notable dans les milieux artistiques et intellectuels\u2026 sans toutefois d\u00e9boucher [&hellip;]<\/p>\n","protected":false},"author":1,"featured_media":0,"parent":0,"menu_order":0,"comment_status":"closed","ping_status":"closed","template":"","meta":{"ngg_post_thumbnail":0,"footnotes":""},"class_list":["post-183","page","type-page","status-publish","hentry"],"_links":{"self":[{"href":"http:\/\/www.centrezenamiens.org\/wordpress\/wp-json\/wp\/v2\/pages\/183","targetHints":{"allow":["GET"]}}],"collection":[{"href":"http:\/\/www.centrezenamiens.org\/wordpress\/wp-json\/wp\/v2\/pages"}],"about":[{"href":"http:\/\/www.centrezenamiens.org\/wordpress\/wp-json\/wp\/v2\/types\/page"}],"author":[{"embeddable":true,"href":"http:\/\/www.centrezenamiens.org\/wordpress\/wp-json\/wp\/v2\/users\/1"}],"replies":[{"embeddable":true,"href":"http:\/\/www.centrezenamiens.org\/wordpress\/wp-json\/wp\/v2\/comments?post=183"}],"version-history":[{"count":2,"href":"http:\/\/www.centrezenamiens.org\/wordpress\/wp-json\/wp\/v2\/pages\/183\/revisions"}],"predecessor-version":[{"id":226,"href":"http:\/\/www.centrezenamiens.org\/wordpress\/wp-json\/wp\/v2\/pages\/183\/revisions\/226"}],"wp:attachment":[{"href":"http:\/\/www.centrezenamiens.org\/wordpress\/wp-json\/wp\/v2\/media?parent=183"}],"curies":[{"name":"wp","href":"https:\/\/api.w.org\/{rel}","templated":true}]}}